{"id":3358,"date":"2017-03-06T16:15:09","date_gmt":"2017-03-06T15:15:09","guid":{"rendered":"http:\/\/cundkgalerie.de\/txm\/?page_id=3358\/"},"modified":"2020-09-23T10:04:27","modified_gmt":"2020-09-23T08:04:27","slug":"axel-anklam","status":"publish","type":"page","link":"https:\/\/cundkgalerie.de\/en\/artists\/axel-anklam\/","title":{"rendered":"Axel Anklam"},"content":{"rendered":"<section class=\"wpb-content-wrapper\"><p>[vc_row row_type=&#8221;row&#8221; use_row_as_full_screen_section=&#8221;no&#8221; type=&#8221;full_width&#8221; text_align=&#8221;left&#8221; css_animation=&#8221;&#8221;][vc_column][vc_column_text]<\/p>\n<h4>Axel Anklam<\/h4>\n<p>[\/vc_column_text][vc_empty_space][vc_tabs style=&#8221;boxed&#8221;][vc_tab title=&#8221;IMAGES&#8221; tab_id=&#8221;26f47b2a-8619-7322b-3ecf&#8221;][vc_empty_space][vc_column_text]<style id=\"bwg-style-0\">      #bwg_container1_0 #bwg_container2_0 .image_browser_images_conteiner_0 * {        -moz-box-sizing: border-box;        box-sizing: border-box;      }      #bwg_container1_0 #bwg_container2_0 .image_browser_images_conteiner_0{\t\tbackground-color: rgba(255, 255, 255, 0.90);\t\ttext-align: center;\t\twidth: 100%;\t\tborder-style: none;\t\tborder-width: 2px;\t\tborder-color: #FFFFFF;\t\tpadding: 4px;\t\tborder-radius: 0;\t\tposition:relative;      }      #bwg_container1_0 #bwg_container2_0 .image_browser_images_0 {\t\tdisplay: inline-block;\t\t-moz-box-sizing: border-box;\t\tbox-sizing: border-box;\t\tfont-size: 0;\t\ttext-align: center;\t\tmax-width: 100%;\t\twidth: 100%;      }      #bwg_container1_0 #bwg_container2_0 .image_browser_image_buttons_conteiner_0 {\t\ttext-align: left;      }      #bwg_container1_0 #bwg_container2_0 .image_browser_image_buttons_0 {\t\tdisplay: inline-block;\t\twidth:100%;      }      #bwg_container1_0 #bwg_container2_0 .bwg_image_browser_image_0 {        background-color: rgba(255, 255, 255, 0.80);\t\ttext-align: center;\t\tdisplay: inline-block;\t\tvertical-align: middle;\t\tmargin: 2px auto;\t\tpadding: 4px;\t\tborder-radius: 0;\t\tborder: 1px none #FFFFFF;\t\tbox-shadow: ;\t\tmax-width: 480px;\t\twidth: 100%;\t\t\/*z-index: 100;*\/\t\tposition: relative;      }      #bwg_container1_0 #bwg_container2_0 .bwg_image_alt_0{\t\tdisplay: table;\t\twidth: 100%;\t\tfont-size: 12px;\t\tfont-family: verdana;\t\tcolor: #000000;\t\ttext-align:left;\t\tpadding-left: 8px;        word-break: break-word;      }      #bwg_container1_0 #bwg_container2_0 .bwg_image_browser_img_0 {        padding: 0 !important;\t\tmax-width: 100% !important;\t\theight: inherit !important;\t\twidth: 100%;      }      @media only screen and (max-width : 320px) {\t\t#bwg_container1_0 #bwg_container2_0 .displaying-num_0 {\t\t  display: none;\t\t}\t\t#bwg_container1_0 #bwg_container2_0 .bwg_image_alt_0 {\t\t  font-size: 10px !important;\t\t}\t\t#bwg_container1_0 #bwg_container2_0 .bwg_watermark_text_0,\t\t#bwg_container1_0 #bwg_container2_0 .bwg_watermark_text_0:hover {\t\t  font-size: 10px !important;\t\t  text-decoration: none;\t\t  margin: 4px;\t\t  font-family: Arial;\t\t  color: #FFFFFF !important;\t\t  opacity: 0.30;\t\t  text-decoration: none;\t\t  position: relative;\t\t  z-index: 10141;\t\t}\t\t#bwg_container1_0 #bwg_container2_0 .bwg_image_browser_image_description_0 {\t\t  color: #000000;\t\t  display: table;\t\t  width: 100%;\t\t  text-align: left;\t\t  font-size: 8px !important;\t\t  font-family: verdana;\t\t  padding: 8px 8px 8px 8px;\t\t  \/*word-break: break-all;*\/\t\t  border-style: none;\t\t  background-color: #FFFFFF;\t\t  border-radius: 0;\t\t  border-width: 1px;\t\t}\t\t#bwg_container1_0 #bwg_container2_0 .tablenav-pages_0 a {\t\t  font-size: 10px !important;\t\t}      }      #bwg_container1_0 #bwg_container2_0 .bwg_image_browser_image_desp_0 {\t\t\t\tdisplay: table;\t\t\t\tclear: both;\t\t\t\ttext-align: center;        padding: 0px;\t\t\t\twidth: 100%;      }      #bwg_container1_0 #bwg_container2_0 .bwg_image_browser_image_description_0 {        color: #000000;\t\tdisplay: table;\t\twidth: 100%;\t\ttext-align: left;\t\tfont-size: 12px;\t\tfont-family: verdana;\t\tpadding: 8px 8px 8px 8px;\t\tword-break: break-word;\t\tborder-style: none;\t\tbackground-color: #FFFFFF;\t\tborder-radius: 0;\t\tborder-width: 1px;      }      #bwg_container1_0 #bwg_container2_0 .bwg_image_browser_image_alt_0 {      \tdisplay:table;        clear: both;        text-align: center;        padding: 8px;        width: 100%;      }      \/*watermark*\/      #bwg_container1_0 #bwg_container2_0 .bwg_watermark_text_0,      #bwg_container1_0 #bwg_container2_0 .bwg_watermark_text_0:hover {        text-decoration: none;        margin: 4px;        font-size: 12px;        font-family: Arial;        color: #FFFFFF !important;        opacity: 0.30;        position: relative;        z-index: 10141;      }      #bwg_container1_0 #bwg_container2_0 .bwg_image_browser_image_contain_0{        position: absolute;        text-align: center;        vertical-align: middle;        width: 100%;        height: 100%;        cursor: pointer;      }      #bwg_container1_0 #bwg_container2_0 .bwg_image_browser_watermark_contain_0{        display: table;        vertical-align: middle;        width: 100%;        height: 100%;      }\t       #bwg_container1_0 #bwg_container2_0 .bwg_image_browser_watermark_cont_0{        display: table-cell;        text-align: ;        position: relative;        vertical-align: ;      }      #bwg_container1_0 #bwg_container2_0 .bwg_image_browser_watermark_0{\t\tdisplay: inline-block;\t\toverflow: hidden;\t\tposition: relative;\t\tvertical-align: middle;\t\tz-index: 10140;\t\twidth: 90px;\t\tmax-width: 18.75%;\t\tmargin: 10px 10px 10px 10px ;      }      #bwg_container1_0 #bwg_container2_0 .bwg_image_browser_watermark_text_0{        display: inline-block;\t\toverflow: hidden;\t\tposition: relative;\t\tvertical-align: middle;\t\tz-index: 10140;\t\tmargin: 10px 10px 10px 10px;      }      #bwg_container1_0 #bwg_container2_0 .bwg_image_browser_watermark_img_0{        max-width: 100%;        opacity: 0.30;        position: relative;        z-index: 10141;      }      #bwg_container1_0 #bwg_container2_0 .bwg_none_selectable {        -webkit-touch-callout: none;        -webkit-user-select: none;        -khtml-user-select: none;        -moz-user-select: none;        -ms-user-select: none;        user-select: none;       ecoration: none;    }    #bwg_container1_0 #bwg_container2_0 .bwg_gal_title_0 {      background-color: rgba(0, 0, 0, 0);      color: #323A45;      display: block;      font-family: Ubuntu;      font-size: 16px;      font-weight: bold;      padding: 2px;      text-shadow: 0px 0px 0px #888888;      text-align: center;    }    <\/style>    <div id=\"bwg_container1_0\"         class=\"bwg_container bwg_thumbnail bwg_image_browser \"         data-right-click-protection=\"0\"         data-bwg=\"0\"         data-scroll=\"0\"         data-gallery-type=\"image_browser\"         data-gallery-view-type=\"image_browser\"         data-current-url=\"\/en\/wp-json\/wp\/v2\/pages\/3358\"         data-lightbox-url=\"https:\/\/cundkgalerie.de\/wp-admin\/admin-ajax.php?action=GalleryBox&#038;current_view=0&#038;gallery_id=26&#038;tag=0&#038;theme_id=1&#038;shortcode_id=42&#038;sort_by=order&#038;order_by=asc&#038;current_url=%2Fen%2Fwp-json%2Fwp%2Fv2%2Fpages%2F3358\"         data-gallery-id=\"26\"         data-popup-width=\"800\"         data-popup-height=\"500\"         data-is-album=\"gallery\"         data-buttons-position=\"bottom\">      <div id=\"bwg_container2_0\">             <div id=\"ajax_loading_0\" class=\"bwg_loading_div_1\">      <div class=\"bwg_loading_div_2\">        <div class=\"bwg_loading_div_3\">          <div id=\"loading_div_0\" class=\"bwg_spider_ajax_loading\">          <\/div>        <\/div>      <\/div>    <\/div>            <form id=\"gal_front_form_0\"              class=\"bwg-hidden\"              method=\"post\"              action=\"#\"              data-current=\"0\"              data-shortcode-id=\"42\"              data-gallery-type=\"image_browser\"              data-gallery-id=\"26\"              data-tag=\"0\"              data-album-id=\"0\"              data-theme-id=\"1\"              data-ajax-url=\"https:\/\/cundkgalerie.de\/wp-admin\/admin-ajax.php?action=bwg_frontend_data\">          <div id=\"bwg_container3_0\" class=\"bwg-background bwg-background-0\">            \t  <div id=\"bwg_image_browser_0\" class=\"image_browser_images_conteiner_0 bwg-image_browser-images-wrapper bwg-container\"         data-params='{&quot;is_pro&quot;:false,&quot;image_right_click&quot;:&quot;0&quot;,&quot;gallery_id&quot;:&quot;26&quot;}'         data-bwg=\"0\"         data-lightbox-url=\"https:\/\/cundkgalerie.de\/wp-admin\/admin-ajax.php?action=GalleryBox&#038;current_view=0&#038;gallery_id=26&#038;tag=0&#038;theme_id=1&#038;shortcode_id=42&#038;sort_by=order&#038;order_by=asc&#038;current_url=%2Fen%2Fwp-json%2Fwp%2Fv2%2Fpages%2F3358\">      <div class=\"image_browser_images_0\">                  <div class=\"image_browser_image_buttons_conteiner_0\">            <div class=\"image_browser_image_buttons_0\">                            <div class=\"bwg_image_browser_image_0\">                                  <a style=\"position:relative;\" class=\"bwg-a\" >                    <img decoding=\"async\" class=\"skip-lazy bwg-item0 bwg_image_browser_img bwg_image_browser_img_0 \"                         src=\"https:\/\/cundkgalerie.de\/wp-content\/uploads\/photo-gallery\/axel-anklam-kuenstler\/Axel%20Anklam,%20Line%20V,%202020,%20Epoxid,%20Edelstahl,%2035%20x%2046%20x%2032%20cm-web.jpg\"                         data-src=\"https:\/\/cundkgalerie.de\/wp-content\/uploads\/photo-gallery\/axel-anklam-kuenstler\/Axel%20Anklam,%20Line%20V,%202020,%20Epoxid,%20Edelstahl,%2035%20x%2046%20x%2032%20cm-web.jpg\"                         alt=\"     \"                         title=\"     \" \/>                  <\/a>                                <\/div>                              <div class=\"bwg_image_browser_image_desp_0\">                  <div class=\"bwg_image_browser_image_description_0\" id=\"alt1232\">                    Axel Anklam, Line V, 2020, GFK, Edelstahl\/fiberglass, stainless steel, 3 Varianten\/versions, 35 x 46 x 32 cm                  <\/div>                <\/div>                            <\/div>          <\/div>                <\/div>    <\/div>    <style>      \/*pagination styles*\/      #bwg_container1_0 #bwg_container2_0 .tablenav-pages_0 {\t\t\t\ttext-align: center;\t\t\t\tfont-size: 12px;\t\t\t\tfont-family: verdana;\t\t\t\tfont-weight: normal;\t\t\t\tcolor: #666666;\t\t\t\tmargin: 6px 0 4px;\t\t\t\tdisplay: block;      }      @media only screen and (max-width : 320px) {      #bwg_container1_0 #bwg_container2_0 .displaying-num_0 {     \t display: none;      }      }      #bwg_container1_0 #bwg_container2_0 .displaying-num_0 {\t\t\t\tfont-size: 12px;\t\t\t\tfont-family: verdana;\t\t\t\tfont-weight: normal;\t\t\t\tcolor: #666666;\t\t\t\tmargin-right: 10px;\t\t\t\tvertical-align: middle;      }      #bwg_container1_0 #bwg_container2_0 .paging-input_0 {\t\t\t\tfont-size: 12px;\t\t\t\tfont-family: verdana;\t\t\t\tfont-weight: normal;\t\t\t\tcolor: #666666;\t\t\t\tvertical-align: middle;      }      #bwg_container1_0 #bwg_container2_0 .tablenav-pages_0 a.disabled,      #bwg_container1_0 #bwg_container2_0 .tablenav-pages_0 a.disabled:hover,      #bwg_container1_0 #bwg_container2_0 .tablenav-pages_0 a.disabled:focus,\t\t\t#bwg_container1_0 #bwg_container2_0 .tablenav-pages_0 input.bwg_current_page {\t\t\t\tcursor: default;\t\t\t\tcolor: rgba(102, 102, 102, 0.5);      }      #bwg_container1_0 #bwg_container2_0 .tablenav-pages_0 a,      #bwg_container1_0 #bwg_container2_0 .tablenav-pages_0 input.bwg_current_page {\t\t\t\tcursor: pointer;\t\t\t\ttext-align: center;\t\t\t\tfont-size: 12px;\t\t\t\tfont-family: verdana;\t\t\t\tfont-weight: normal;\t\t\t\tcolor: #666666;\t\t\t\ttext-decoration: none;\t\t\t\tpadding: 3px 6px;\t\t\t\tmargin: 0;\t\t\t\tborder-radius: 0;\t\t\t\tborder-style: solid;\t\t\t\tborder-width: 1px;\t\t\t\tborder-color: #E3E3E3;\t\t\t\t\t\t\t\tbackground-color: rgba(255, 255, 255, 1.00);\t\t\t\tbox-shadow: 0;\t\t\t\ttransition: all 0.3s ease 0s;-webkit-transition: all 0.3s ease 0s;      }            #bwg_container1_0 #bwg_container2_0 .tablenav-pages_0 a.next-page:hover,      #bwg_container1_0 #bwg_container2_0 .tablenav-pages_0 a.prev-page:hover {        color: #000000;      }      #bwg_container1_0 #bwg_container2_0 .tablenav-pages_0 .first-page,      #bwg_container1_0 #bwg_container2_0 .tablenav-pages_0 .last-page {        padding: 0% 7%;      }      #bwg_container1_0 #bwg_container2_0 .tablenav-pages_0 .next-page {        margin: 0% 4% 0% 0%;      }      #bwg_container1_0 #bwg_container2_0 .tablenav-pages_0 .prev-page {        margin: 0% 0% 0% 4%;      }      #bwg_container1_0 #bwg_container2_0 .tablenav-pages_0 a {        font-size: 15px !important;        padding: 0% 7% !important;        border-style: none !important;        border-width: 1px;        border-color: #E3E3E3;        background-color: #FFFFFF;        opacity: 1.00;        transition: all 0.3s ease 0s;-webkit-transition: all 0.3s ease 0s;      }      .bwg_image_browser#bwg_container1_0 #bwg_container2_0 .tablenav-pages_0 a {         padding: 0% 11% !important;      }\t\t\t#bwg_container1_0 #bwg_container2_0 .tablenav-pages_0 {        background-color: rgba(255, 255, 255, 0.90);        margin-top: 0;      }      .bwg_image_browser  .pagination-links_0 {        white-space: nowrap;      }      @media screen and (max-width: 465px) {        .bwg_image_browser#bwg_container1_0 #bwg_container2_0 .tablenav-pages_0 a {          padding: 0% 5% !important;          font-size: 13px;        }      }      <\/style>      <span class=\"bwg_nav_cont_0\">              <div class=\"tablenav-pages_0\">                      <span class=\"pagination-links_0 pagination-links\" data-pages-count=\"11\">              <span class=\"pagination-links_col1\">              <a class=\"bwg-a first-page disabled\" title=\"Go to the first page\" >\u00ab<\/a>              <a class=\"bwg-a prev-page disabled\" title=\"Go to the previous page\" >\u2039<\/a>              <\/span>\t\t\t\t\t\t\t<span class=\"pagination-links_col2\">\t\t\t\t\t\t\t\t\t<input type=\"number\" class=\"bwg_current_page\" name=\"bwg_current_page\" value=\"1\" data-url-info=\"page_number_0\" onkeypress=\"return bwg_change_page_0(event, this)\" min=\"1\" oninput=\"validity.valid||(value='')\" \/>\t\t\t\t\t\t\t\t\t\tof\t\t\t\t\t\t\t\t\t\t<span class=\"total-pages_0\">\t\t\t\t\t\t\t\t\t\t\t11\t\t\t\t\t\t\t\t\t\t<\/span>\t\t\t\t\t\t\t<\/span>              <span class=\"pagination-links_col3\">                <a class=\"bwg-a next-page-0\" title=\"Go to the next page\" href=\"\/en\/wp-json\/wp\/v2\/pages\/3358?page_number_0=2\">\u203a<\/a>                <a class=\"bwg-a last-page-0\" title=\"Go to the last page\" href=\"\/en\/wp-json\/wp\/v2\/pages\/3358?page_number_0=11\">\u00bb<\/a>              <\/span>\t\t\t\t\t\t<\/span>\t\t\t\t\t\t        <\/div>                <input type=\"hidden\" id=\"page_number_0\" name=\"page_number_0\" value=\"1\" \/>      <script type=\"text\/javascript\">        if( jQuery('.bwg_nav_cont_0').length > 1 ) {          jQuery('.bwg_nav_cont_0').first().remove()        }        function spider_page_0(cur, x, y, load_more) {          if (typeof load_more == \"undefined\") {            var load_more = false;          }          if (jQuery(cur).hasClass('disabled')) {            return false;          }          var items_county_0 = 11;          switch (y) {            case 1:              if (x >= items_county_0) {                document.getElementById('page_number_0').value = items_county_0;              }              else {                document.getElementById('page_number_0').value = x + 1;              }              break;            case 2:              document.getElementById('page_number_0').value = items_county_0;              break;            case -1:              if (x == 1) {                document.getElementById('page_number_0').value = 1;              }              else {                document.getElementById('page_number_0').value = x - 1;              }              break;            case -2:              document.getElementById('page_number_0').value = 1;              break;\t\t\t\t\t\tcase 0:              document.getElementById('page_number_0').value = x;              break;            default:              document.getElementById('page_number_0').value = 1;          }          bwg_ajax('gal_front_form_0', '0', 'bwg_image_browser_0', '0', '', 'gallery', 0, '', '', load_more, '', 1);        }                    jQuery('.first-page disabled').on('click', function () {              spider_page_0(this, 1, -2, 'numeric');              return false;            });            jQuery('.prev-page disabled').on('click', function () {              spider_page_0(this, 1, -1, 'numeric');              return false;            });            jQuery('.next-page-0').on('click', function () {              spider_page_0(this, 1, 1, 'numeric');              return false;            });            jQuery('.last-page-0').on('click', function () {              spider_page_0(this, 1, 2, 'numeric');              return false;            });        \t\t\t\t\/* Change page on input enter. *\/        function bwg_change_page_0( e, that ) {          if (  e.key == 'Enter' ) {            var to_page = parseInt(jQuery(that).val());            var pages_count = jQuery(that).parents(\".pagination-links\").data(\"pages-count\");            var current_url_param = jQuery(that).attr('data-url-info');            if (to_page > pages_count) {              to_page = 1;            }\t \t\t\t\t\t\t\t\t\t\t\t\tspider_page_0(this, to_page, 0, 'numeric');\t\t\t\t\t\t\treturn false;\t\t\t\t\t\t          }          return true;        }        jQuery('.bwg_load_btn_0').on('click', function () {            spider_page_0(this, 1, 1, true);            return false;        });      <\/script>      <\/span>                <\/div>        <\/form>              <\/div>    <\/div>    <script>      if (document.readyState === 'complete') {        if( typeof bwg_main_ready == 'function' ) {          if ( jQuery(\"#bwg_container1_0\").height() ) {            bwg_main_ready(jQuery(\"#bwg_container1_0\"));          }        }      } else {        document.addEventListener('DOMContentLoaded', function() {          if( typeof bwg_main_ready == 'function' ) {            if ( jQuery(\"#bwg_container1_0\").height() ) {             bwg_main_ready(jQuery(\"#bwg_container1_0\"));            }          }        });      }    <\/script>    <\/p>\n<p>[\/vc_column_text][\/vc_tab][vc_tab title=&#8221;INFO\/PRESS&#8221; tab_id=&#8221;2f954245-6432-2322b-3ecf&#8221;][vc_empty_space][vc_column_text]<strong>Info<\/strong><\/p>\n<p>Axel Anklam began his career with an apprenticeship as an ornamental blacksmith and worked as a restorer for the Stiftung Preu\u00dfische Schl\u00f6sser und G\u00e4rten in Potsdam (Prussian Palaces and Gardens Foundation Berlin-Brandenburg). He then went on to study sculpture at the Burg Giebichenstein, University of Art and Design Halle, Saxony-Anhalt, where he focused on metalwork. He continued his studies in sculpture at the UdK Berlin, where in 2004, under the supervision of Tony Cragg, he graduated with a Masters degree. Besides working with the classic material, stainless steel, Anklam extended his sculptural media repertoire by incorporating contemporary materials, such as fiberglass, epoxy resin and carbon, in his work. With this combination of hard and soft materials he has developed a pared-down, reduced and clear design vocabulary; the architecture of his sculptures originates through an interaction of light and space. Combining his deep roots in craftsmanship with a higher artistic sensibility, his original sculptural works oscillate between weightlessness and heavy mass.<\/p>\n<p>Classical Greek harmony, studies of Pythagoras, natural phenomena, perceptions of landscape and also music are stimuli for Anklam\u2019s creations. Through the artistic process, he transforms all of these elements into elementary forms and tries to encounter the essence of a structure, making his conceptions visible.<\/p>\n<p>Axel Anklam won the First Prize in the Percent-for-Art Competition in 2013 for the new building of the Bundesministeriums f\u00fcr Bildung und Forschung [Federal Ministry of Education and Research] in Berlin. Working in cooperation with Thomas Henninger (\u201eEunomia macrocosmica \u22113), in 2014 he produced two large multimedia installations.<\/p>\n<p><strong>Press<\/strong><\/p>\n<p><a href=\"https:\/\/www.pressreader.com\/germany\/m%C3%A4rkische-oderzeitung-beeskow\/20170318\/281500751066632\">Filigran und feinsinning, M\u00e4rkische Oderzeitung Beeskow, Claudia Seiring (German)<\/a><\/p>\n<p><a href=\"https:\/\/www.monopol-magazin.de\/Kaskadenschaltung-Axel-Anklam-im-Geb-ude-der-IG-Metall-Berlin\" rel=\"noopener noreferrer\" target=\"_blank\">monopol. Magazin f\u00fcr Kunst und Leben (online), Bildhauer Axel Anklam in Berlin, Transparenz und Masse, Jana Weiss (German)<\/a><\/p>\n<p>[\/vc_column_text][\/vc_tab][vc_tab title=&#8221;BIOGRAPHY&#8221; tab_id=&#8221;1488402472160-2-10322b-3ecf&#8221;][vc_empty_space][vc_column_text]\n<table id=\"tablepress-4\" class=\"tablepress tablepress-id-4 tbody-has-connected-cells\">\n<tbody class=\"row-hover\">\n<tr class=\"row-1\">\n\t<td class=\"column-1\">1971-2022<\/td><td class=\"column-2\">geboren in Wriezen\/born in Wriezen, Germany; gestorben\/died in Berlin<\/td>\n<\/tr>\n<tr class=\"row-2\">\n\t<td class=\"column-1\">1987-1990<\/td><td class=\"column-2\">Ausbildung zum Kunstschmied, 1993 Meistertitel\/apprenticeship as artist blacksmith, 1993 master craftsman<\/td>\n<\/tr>\n<tr class=\"row-3\">\n\t<td class=\"column-1\">1998-2002<\/td><td class=\"column-2\">Studium der Bildhauerei an der \/studied sculpture at HfKD Burg Giebichenstein Halle, Germany<\/td>\n<\/tr>\n<tr class=\"row-4\">\n\t<td class=\"column-1\">2002-2006<\/td><td class=\"column-2\">Studium der Bildhauerei an der Universit\u00e4t der K\u00fcnste Berlin\/studied sculpture at Universit\u00e4t der K\u00fcnste, Berlin, Meistersch\u00fcler bei\/with Tony Cragg<\/td>\n<\/tr>\n<tr class=\"row-5\">\n\t<td class=\"column-1\">2008-2012<\/td><td class=\"column-2\">Gastdozent\/guest lecturer, TU Wien, Vienna<\/td>\n<\/tr>\n<tr class=\"row-6\">\n\t<td class=\"column-1\">2010<\/td><td class=\"column-2\">Gastprofessur\/visiting professor f\u00fcr Bildhauerei, Staatliche Akademie der Bildenden K\u00fcnste Stuttgart, Germany<\/td>\n<\/tr>\n<tr class=\"row-7\">\n\t<td colspan=\"2\" class=\"column-1\"><strong>Preise und Stipendien\/Awards and scholarships<\/strong><\/td>\n<\/tr>\n<tr class=\"row-8\">\n\t<td class=\"column-1\">2017<\/td><td class=\"column-2\">Kunstpreis Berlin, Sparte Bildende Kunst\/section Fine Arts, Akademie der K\u00fcnste Berlin<\/td>\n<\/tr>\n<tr class=\"row-9\">\n\t<td class=\"column-1\">2013<\/td><td class=\"column-2\">1. Preis des Kunst-am-Bau-Wettbewerbs f\u00fcr den Neubau des Bundesministeriums f\u00fcr Bildung und Forschung in Berlin, in Zusammenarbeit mit Thomas Henninger und Ulrike Gravert (\u201eEunomia macrocosmica \u22113\u201c)\/First Prize in the Percent-for-Art Competition for the new building of the Bundesministeriums f\u00fcr Bildung und Forschung [Federal Ministry of Education and Research] in Berlin, in cooperation with Thomas Henninger und Ulrike Gravert (\u201eEunomia macrocosmica \u22113\u201c)<\/td>\n<\/tr>\n<tr class=\"row-10\">\n\t<td class=\"column-1\">2010<\/td><td class=\"column-2\">9. Ernst-Rietschel-Kunstpreis f\u00fcr Bildhauerei\/award for sculpture, Pulsnitz, Germany<\/td>\n<\/tr>\n<tr class=\"row-11\">\n\t<td class=\"column-1\"><\/td><td class=\"column-2\">Gerlinde-Beck-Preis f\u00fcr Skulptur, gerlinde-beck-stiftung, Grafenau\/Award for sculpture, Germany<\/td>\n<\/tr>\n<tr class=\"row-12\">\n\t<td class=\"column-1\">2009<\/td><td class=\"column-2\">Stipendium\/scholarship Herrenhaus Edenkoben, Edenkoben, Germany<\/td>\n<\/tr>\n<tr class=\"row-13\">\n\t<td class=\"column-1\">2008<\/td><td class=\"column-2\">1. Schwerter-Profile-Stahlkunst-Award, Schwerte, Germany<\/td>\n<\/tr>\n<tr class=\"row-14\">\n\t<td class=\"column-1\">2006<\/td><td class=\"column-2\">Coburger Glaspreis\/award for glass, Coburg, Germany<\/td>\n<\/tr>\n<tr class=\"row-15\">\n\t<td class=\"column-1\"><\/td><td class=\"column-2\">F\u00f6rderpreis Junge Kunst\/promotion prize for young art, Saarbr\u00fccken, Germany<\/td>\n<\/tr>\n<tr class=\"row-16\">\n\t<td class=\"column-1\"><\/td><td class=\"column-2\">Meistersch\u00fclerpreis\/awardee des Pr\u00e4sidenten der Universit\u00e4t der K\u00fcnste, Berlin<\/td>\n<\/tr>\n<tr class=\"row-17\">\n\t<td class=\"column-1\">2003<\/td><td class=\"column-2\">Hauptpreis im Skulpturenwettbewerb \u201eDie neue Berolina\u201c, Berlin\/ Top Prize in the \u201eNew Berolina Sculpture Competition\u201c, Berlin<\/td>\n<\/tr>\n<tr class=\"row-18\">\n\t<td class=\"column-1\">2001<\/td><td class=\"column-2\">Ankaufspreis im Rahmen der \u201eskulptur aktuell IV\u201c, Bielefeld, Germany<\/td>\n<\/tr>\n<tr class=\"row-19\">\n\t<td colspan=\"2\" class=\"column-1\"><strong>Einzelausstellungen (Auswahl)\/selected solo exhibitions<\/strong><\/td>\n<\/tr>\n<tr class=\"row-20\">\n\t<td class=\"column-1\">2025<\/td><td class=\"column-2\">\"Zweiklang\" mit\/with Ulrike Stolte, Brandenburgisches Landesmuseum f\u00fcr moderne Kunst, Packhof, Frankfurt\/Oder, Germany<\/td>\n<\/tr>\n<tr class=\"row-21\">\n\t<td class=\"column-1\">2025<\/td><td class=\"column-2\">\"Lichtwanderer\", ZAK Zentrum f\u00fcr aktuelle Kunst, Zitadelle Spandau, Berlin<\/td>\n<\/tr>\n<tr class=\"row-22\">\n\t<td class=\"column-1\">2020<\/td><td class=\"column-2\">\"lingua ignota\/argot\"\/mit Jan Muche, Galerie Anja Knoess, K\u00f6ln\/Cologne, Germany<\/td>\n<\/tr>\n<tr class=\"row-23\">\n\t<td class=\"column-1\">2019<\/td><td class=\"column-2\">\"Lichte Schatten\", Schlo\u00df Neuenhagen, Bad Freienwalde, Germany<\/td>\n<\/tr>\n<tr class=\"row-24\">\n\t<td class=\"column-1\"><\/td><td class=\"column-2\">Axel Anklam mit\/with Matthias Stuchtey, C&amp;K Galerie, Berlin<\/td>\n<\/tr>\n<tr class=\"row-25\">\n\t<td class=\"column-1\">2018<\/td><td class=\"column-2\">\"Lichte Schatten\", Museum ART.plus, Donaueschingen, Germany<\/td>\n<\/tr>\n<tr class=\"row-26\">\n\t<td class=\"column-1\"><\/td><td class=\"column-2\">\"Argos Fahrt\", Dominohaus, Reutlingen, Germany<\/td>\n<\/tr>\n<tr class=\"row-27\">\n\t<td class=\"column-1\"><\/td><td class=\"column-2\">\"Anklam trifft Hauser\", Kunststiftung Hauser, Rottweil, Germany<\/td>\n<\/tr>\n<tr class=\"row-28\">\n\t<td class=\"column-1\">2017<\/td><td class=\"column-2\">\u201eFormat\", C&amp;K Galerie, Berlin<\/td>\n<\/tr>\n<tr class=\"row-29\">\n\t<td class=\"column-1\"><\/td><td class=\"column-2\">\u201eIm Dialog mit Muthesius\", Sammlung Zebralla, Berlin<\/td>\n<\/tr>\n<tr class=\"row-30\">\n\t<td class=\"column-1\"><\/td><td class=\"column-2\">\u201eOut-Look\", Galerie Robert Drees, Hannover, Germany<\/td>\n<\/tr>\n<tr class=\"row-31\">\n\t<td class=\"column-1\"><\/td><td class=\"column-2\">\u201eSchneeland\", Kunstverein Reutlingen, Reutlingen, Germany<\/td>\n<\/tr>\n<tr class=\"row-32\">\n\t<td class=\"column-1\">2016<\/td><td class=\"column-2\">\u201eLicht und Gel\u00e4nde\" \/ mit Gerhard Riessbeck, Kunstkabinett Regensburg, Regensburg,Germany<\/td>\n<\/tr>\n<tr class=\"row-33\">\n\t<td class=\"column-1\"><\/td><td class=\"column-2\">\u201eAuf der Lichtung\", Till Richter Museum, Buggenhagen, Germany<\/td>\n<\/tr>\n<tr class=\"row-34\">\n\t<td class=\"column-1\"><\/td><td class=\"column-2\">\u201eLichter\", Galerie am Rathaus und im Stadtraum Eschborn, Eschborn, Germany<\/td>\n<\/tr>\n<tr class=\"row-35\">\n\t<td class=\"column-1\">2015<\/td><td class=\"column-2\">\u201eMaelstrom\u201c (mit Jan Muche), Galerie Rothamel Erfurt, Germany<\/td>\n<\/tr>\n<tr class=\"row-36\">\n\t<td class=\"column-1\"><\/td><td class=\"column-2\">\u201eKaskadenschaltung\u201c, Ausstellungstraum der IG Metall, Berlin<\/td>\n<\/tr>\n<tr class=\"row-37\">\n\t<td class=\"column-1\"><\/td><td class=\"column-2\">\u201e\u00dcber Wasser Winde und Gegenden\", VITAMIN Reutlingen\/Germany<br \/>\n<\/td>\n<\/tr>\n<tr class=\"row-38\">\n\t<td class=\"column-1\"><\/td><td class=\"column-2\">\u201eLichter\", Galerie am Klostersee, Lehnin\/Germany<br \/>\n<\/td>\n<\/tr>\n<tr class=\"row-39\">\n\t<td class=\"column-1\"><\/td><td class=\"column-2\">\u201eStahl in Aspik\u201c (mit Jan Muche), CundKunterwegs Galerie, Berlin<\/td>\n<\/tr>\n<tr class=\"row-40\">\n\t<td class=\"column-1\">2014<\/td><td class=\"column-2\">\u201eWeiter\u201c, Galerie Kontrapost, Leipzig, Germany<\/td>\n<\/tr>\n<tr class=\"row-41\">\n\t<td class=\"column-1\"><\/td><td class=\"column-2\">\u201eScott\u201c (mit Jan Muche), Galerie Rothamel, Frankfurt a. M., Germany<\/td>\n<\/tr>\n<tr class=\"row-42\">\n\t<td class=\"column-1\"><\/td><td class=\"column-2\">\u201eWIDE\u201c, Kunstverein Kreis G\u00fctersloh, G\u00fctersloh, Germany<\/td>\n<\/tr>\n<tr class=\"row-43\">\n\t<td class=\"column-1\">2013<\/td><td class=\"column-2\">\u201eAxel Anklam \u2013 Phos\u201c, Skulptur\/Installation, Deutsche Werkst\u00e4tten, Dresden-Hellerau, Germany<\/td>\n<\/tr>\n<tr class=\"row-44\">\n\t<td class=\"column-1\"><\/td><td class=\"column-2\">\u201eMasseneffekte\u201c, Altes Stra\u00dfenbahndepot, Kunstsammlung Jena, Germany<\/td>\n<\/tr>\n<tr class=\"row-45\">\n\t<td class=\"column-1\"><\/td><td class=\"column-2\">\u201eColors\u201d Galerie Robert Drees, Hannover, Germany<\/td>\n<\/tr>\n<tr class=\"row-46\">\n\t<td class=\"column-1\"><\/td><td class=\"column-2\">\u201eA\/Z\u201d (mit Filip Zorzor), Projektraum Knut Osper, K\u00f6ln\/Cologne, Germany<\/td>\n<\/tr>\n<tr class=\"row-47\">\n\t<td class=\"column-1\"><\/td><td class=\"column-2\">\u201eBack in Black\u201c, acapulco, D\u00fcsseldorf, Germany<\/td>\n<\/tr>\n<tr class=\"row-48\">\n\t<td class=\"column-1\">2012<\/td><td class=\"column-2\">\u201ein ei raisan\u201c, Galerie Borchardt, Hamburg, Germany<\/td>\n<\/tr>\n<tr class=\"row-49\">\n\t<td class=\"column-1\"><\/td><td class=\"column-2\">\u201eAxel Anklam\u201c, Gehag Forum, Berlin<\/td>\n<\/tr>\n<tr class=\"row-50\">\n\t<td class=\"column-1\">2011<\/td><td class=\"column-2\">\u201eLand\u201c, Galerie Burg Klempenow, Germany<\/td>\n<\/tr>\n<tr class=\"row-51\">\n\t<td class=\"column-1\"><\/td><td class=\"column-2\">\u201eLuxplus\u201c, t27\/ Kunstverein Neuk\u00f6lln, Berlin<\/td>\n<\/tr>\n<tr class=\"row-52\">\n\t<td class=\"column-1\">2010<\/td><td class=\"column-2\">\u201eAxel Anklam\u201c, Ernst-Rietschel-Museum, Pulsnitz, Germany<\/td>\n<\/tr>\n<tr class=\"row-53\">\n\t<td class=\"column-1\"><\/td><td class=\"column-2\">\u201ePrimal Landscapes\u201c, Galerie Rothamel, Erfurt, Germany<\/td>\n<\/tr>\n<tr class=\"row-54\">\n\t<td class=\"column-1\">2009<\/td><td class=\"column-2\">\u201eTOUR\u201c, St\u00e4dtische Galerie Offenburg, Offenburg, Germany<\/td>\n<\/tr>\n<tr class=\"row-55\">\n\t<td class=\"column-1\"><\/td><td class=\"column-2\">\u201eterritory\u201c, Herrenhaus Edenkoben, Edenkoben, Germany<\/td>\n<\/tr>\n<tr class=\"row-56\">\n\t<td class=\"column-1\"><\/td><td class=\"column-2\">\u201eParcours\u201c, Angermuseum Erfurt, Germany<\/td>\n<\/tr>\n<tr class=\"row-57\">\n\t<td class=\"column-1\">2008<\/td><td class=\"column-2\">\u201eleuchten und strahlen\u201c, Kunstverein Wilhelmsh\u00f6he Ettlingen, Ettlingen, Germany<\/td>\n<\/tr>\n<tr class=\"row-58\">\n\t<td class=\"column-1\"><\/td><td class=\"column-2\">\u201eNach den Maschinen\u201c, Kleine Orangerie, Schloss Charlottenburg, Berlin<\/td>\n<\/tr>\n<tr class=\"row-59\">\n\t<td class=\"column-1\"><\/td><td class=\"column-2\">\u201eParcours\u201c, schultz contemporary, Berlin<\/td>\n<\/tr>\n<tr class=\"row-60\">\n\t<td class=\"column-1\">2006<\/td><td class=\"column-2\">\u201eAxel Anklam\u201c, galerie gerken, Berlin<\/td>\n<\/tr>\n<tr class=\"row-61\">\n\t<td class=\"column-1\"><\/td><td class=\"column-2\">\u201eAxel Anklam\u201c, Galerie Rothamel, Erfurt, Germany<\/td>\n<\/tr>\n<tr class=\"row-62\">\n\t<td colspan=\"2\" class=\"column-1\"><strong>Gruppenausstellungen (Auswahl)\/Selected group exhibitions<\/strong><\/td>\n<\/tr>\n<tr class=\"row-63\">\n\t<td class=\"column-1\">2021<br \/>\n<\/td><td class=\"column-2\">10 <br \/>\nJAHREaufgeSCHLOSSeninNEUENHAGEN, Schloss Neuenhagen Bad Freienwalde, Germany<\/td>\n<\/tr>\n<tr class=\"row-64\">\n\t<td class=\"column-1\"><\/td><td class=\"column-2\">\u201eUnfassbar\u201c  Skulptur und Zeichnung mit A. Anklam, J. Gro\u00dfmann, K. Mbiti, Kunstverein KunstHaus Potsdam, Potsdam,Germany<\/td>\n<\/tr>\n<tr class=\"row-65\">\n\t<td class=\"column-1\"><\/td><td class=\"column-2\">\u201eBlick nach vorn - Aufbruch in die 20er Jahre\", Galerie Schlichtenmaier, Schloss D\u00e4tzingen, Grafenau, Germany<\/td>\n<\/tr>\n<tr class=\"row-66\">\n\t<td class=\"column-1\"><\/td><td class=\"column-2\">\u201eART &amp; TECH\", mit Werner Pokorny und Jan Muche, Galerie Rother Wiesbaden,  Germany<\/td>\n<\/tr>\n<tr class=\"row-67\">\n\t<td class=\"column-1\"><\/td><td class=\"column-2\">\u201eWho's afraid of orange, pink and blue?\", Galerie Anja Knoess, K\u00f6ln, Germany<\/td>\n<\/tr>\n<tr class=\"row-68\">\n\t<td class=\"column-1\">2020<br \/>\n<\/td><td class=\"column-2\">GARTENDERGEGENWART, Salon der Gegenwart\/Rothenbaumchaussee  Hamburg, Germany<\/td>\n<\/tr>\n<tr class=\"row-69\">\n\t<td class=\"column-1\"><\/td><td class=\"column-2\">\"Tanz ist Verwandlung\", Galerie Schlichtenmaier, Schloss D\u00e4tzingen, Grafenau, Germany<\/td>\n<\/tr>\n<tr class=\"row-70\">\n\t<td class=\"column-1\"><\/td><td class=\"column-2\">\u201cR\u00fcckzug und Aufbruch - Neue Arbeiten aus der Quarant\u00e4ne\", C&amp;K Galerie, Berlin <\/td>\n<\/tr>\n<tr class=\"row-71\">\n\t<td class=\"column-1\"><\/td><td class=\"column-2\">\u201cInside Out\", Galleria Berno Sacchetti, Ascona, Schweiz\/Switzerland<\/td>\n<\/tr>\n<tr class=\"row-72\">\n\t<td class=\"column-1\"><\/td><td class=\"column-2\">\u201cECHT UND FALSCH, Skulpturen-Triennale Bingen am Rhein, Germany<\/td>\n<\/tr>\n<tr class=\"row-73\">\n\t<td class=\"column-1\">2019<br \/>\n<\/td><td class=\"column-2\">\u201cDie haben einen Vogel - Die Vogelm\u00e4nner von Istanbul\" 30 Jahre Galeristin, eine Jubil\u00e4umsausstellung von Christiane B\u00fchling-Schultz, C&amp;K Galerie, Berlin <\/td>\n<\/tr>\n<tr class=\"row-74\">\n\t<td class=\"column-1\"><\/td><td class=\"column-2\">\"OUTDOORS\", C&amp;K Galerie, Berlin<br \/>\n<\/td>\n<\/tr>\n<tr class=\"row-75\">\n\t<td class=\"column-1\">2018<\/td><td class=\"column-2\">\"HINSEHEN.REINH\u00d6REN.Die Kunst ist in den Kirchen\", St. Jacobi-Kirche, Hamburg, Germany<\/td>\n<\/tr>\n<tr class=\"row-76\">\n\t<td class=\"column-1\"><\/td><td class=\"column-2\">\"Art &amp; Sciences\"Till Richter Museum \u2013 Schloss Buggenhagen, Buggenhagen, Germany<\/td>\n<\/tr>\n<tr class=\"row-77\">\n\t<td class=\"column-1\"><\/td><td class=\"column-2\">\"Junge Kunst - Absolventen der Burg Giebichenstein Kunsthochschule Halle\/Saale\", Kunstverein Wiligrad e.V., Germany<\/td>\n<\/tr>\n<tr class=\"row-78\">\n\t<td class=\"column-1\"><\/td><td class=\"column-2\">\"Bottom Up\", K\u00fchlhaus Berlin, Berlin<\/td>\n<\/tr>\n<tr class=\"row-79\">\n\t<td class=\"column-1\">2017<\/td><td class=\"column-2\">\"Die Sammlung Kornelia und Dr. Harald Frisch\" zu Gast bei Ketterer Kunst Berlin, Berlin<\/td>\n<\/tr>\n<tr class=\"row-80\">\n\t<td class=\"column-1\"><\/td><td class=\"column-2\">\"Berlin-based\", Till Richter Museum Schloss Buggenhagen International Contemporary Art, Buggenhagen, Germany<\/td>\n<\/tr>\n<tr class=\"row-81\">\n\t<td class=\"column-1\"><\/td><td class=\"column-2\">\u201eMetall - Es ist nicht alles Gold was gl\u00e4nzt\u201c, 250 Jahre Goldstadt Pforzheim, Kulturamt Pforzheim, Skulpturen im \u00f6ffentlichen Raum, Pforzheim, Germany<\/td>\n<\/tr>\n<tr class=\"row-82\">\n\t<td class=\"column-1\"><\/td><td class=\"column-2\">\u201eSURF\u201c, Galerie Hartwich, Sellin\/R\u00fcgen, Germany<\/td>\n<\/tr>\n<tr class=\"row-83\">\n\t<td class=\"column-1\"><\/td><td class=\"column-2\">\u201eELEVATION - in den Tiefen der Oberfl\u00e4che\u201c, Kunstverein Kiss im Schloss Untergr\u00f6ningen, Abtsgm\u00fcnd-Untergr\u00f6ningen, Germany<\/td>\n<\/tr>\n<tr class=\"row-84\">\n\t<td class=\"column-1\">2016<\/td><td class=\"column-2\">\"Struktion\", K\u00fchlhaus Berlin, Berlin<\/td>\n<\/tr>\n<tr class=\"row-85\">\n\t<td class=\"column-1\"><\/td><td class=\"column-2\">\"Die Geschichte hat einen Fehler zu viele Erz\u00e4hler\", Kunstverein G\u00fctersloh, G\u00fctersloh, Germany<\/td>\n<\/tr>\n<tr class=\"row-86\">\n\t<td class=\"column-1\"><\/td><td class=\"column-2\">\"Axel Anklam und Renata Tumarova\", Galerie Rother-Winter, Wiesbaden, Germany<\/td>\n<\/tr>\n<tr class=\"row-87\">\n\t<td class=\"column-1\"><\/td><td class=\"column-2\">\"Ein Kilo Federn\" mit Angelika Arendt, Palmengarten der Stadt Frankfurt, Frankfurt a.M., Germany<\/td>\n<\/tr>\n<tr class=\"row-88\">\n\t<td class=\"column-1\">2015<\/td><td class=\"column-2\">\"Jetzt\", Galerie Anja Knoess, K\u00f6ln, Germany<\/td>\n<\/tr>\n<tr class=\"row-89\">\n\t<td class=\"column-1\"><\/td><td class=\"column-2\">\"So.Hab ich die Welt noch nie gesehen\", Galerie B\u00f6rgmann, M\u00f6nchengladbach, Germany<\/td>\n<\/tr>\n<tr class=\"row-90\">\n\t<td class=\"column-1\"><\/td><td class=\"column-2\">\"IN SITU, Die Kunst mit der Architektur\", Galerie Borchardt, Hamburg, Germany<\/td>\n<\/tr>\n<tr class=\"row-91\">\n\t<td class=\"column-1\"><\/td><td class=\"column-2\">\"Leipziger Edition\" by Berlin-Klondyke, Kulturforum am Altenkamp, Schlo\u00df Holte-Stukenbrock, Germany<\/td>\n<\/tr>\n<tr class=\"row-92\">\n\t<td class=\"column-1\"><\/td><td class=\"column-2\">\"Wo ist hier? #2: Raum und Gegenwart\", Kunstverein Reutlingen, Reutlingen, Germany<\/td>\n<\/tr>\n<tr class=\"row-93\">\n\t<td class=\"column-1\"><\/td><td class=\"column-2\">\u201eFrisch aus Berlin. Einblicke in eine Berliner Privatsammlung\u201c, Stadtmuseum Oldenburg, Oldenburg, Germany<\/td>\n<\/tr>\n<tr class=\"row-94\">\n\t<td class=\"column-1\"><\/td><td class=\"column-2\">\u201eDer besondere Blick\u201c, Kunstverein Wilhelmsh\u00f6he Ettlingen e.V., Ettlingen, Germany<\/td>\n<\/tr>\n<tr class=\"row-95\">\n\t<td class=\"column-1\">2014<\/td><td class=\"column-2\">\u201eDialog by Invitation\u201c, Semjon Contemporary, Berlin<\/td>\n<\/tr>\n<tr class=\"row-96\">\n\t<td class=\"column-1\"><\/td><td class=\"column-2\">\u201eLuggage and observations\u201c, Galerie Klaus Gerrit Friese, Stuttgart Germany<\/td>\n<\/tr>\n<tr class=\"row-97\">\n\t<td class=\"column-1\"><\/td><td class=\"column-2\">\u201eStahlplastik in Deutschland - gestern und heute\u201c, Kunstverein Wilhelmsh\u00f6he Ettlingen e.V., Ettlingen, Germany<\/td>\n<\/tr>\n<tr class=\"row-98\">\n\t<td class=\"column-1\"><\/td><td class=\"column-2\">\u201ereKOLLEKT - Ausstellung\u201c, Galerie Borchardt, Hamburg, Germany<\/td>\n<\/tr>\n<tr class=\"row-99\">\n\t<td class=\"column-1\">2013<\/td><td class=\"column-2\">\u201eStippvisite\u201c, C &amp; K unterwegs, Berlin<\/td>\n<\/tr>\n<tr class=\"row-100\">\n\t<td class=\"column-1\"><\/td><td class=\"column-2\">\u201eStrukturWandel\u201c, C &amp; K unterwegs, zu Gast in der Guardini Galerie, Berlin<\/td>\n<\/tr>\n<tr class=\"row-101\">\n\t<td class=\"column-1\"><\/td><td class=\"column-2\">\u201ePersonal Structures, 55th International Art Exhibition\/La Biennale di Venezia, Palazzo Bembo, Venedig\/Venice, Italien\/Italy<\/td>\n<\/tr>\n<tr class=\"row-102\">\n\t<td class=\"column-1\"><\/td><td class=\"column-2\">\u201eRietschelpreistr\u00e4ger 1991-2013\u201c, Osts\u00e4chsische Kunsthalle, Pulsnitz, Germany<\/td>\n<\/tr>\n<tr class=\"row-103\">\n\t<td class=\"column-1\"><\/td><td class=\"column-2\">\u201eBerlin-Klondyke, Alte Baumwollspinnerei\u201c, Leipzig, Germany<\/td>\n<\/tr>\n<tr class=\"row-104\">\n\t<td class=\"column-1\"><\/td><td class=\"column-2\">\u201eDifferenz und Wiederholung\u201c, Galerie Knut Hartwich, Sellin\/R\u00fcgen, Germany<\/td>\n<\/tr>\n<tr class=\"row-105\">\n\t<td class=\"column-1\"><\/td><td class=\"column-2\">\u201eGanz im Vor\u00fcbergehen\u201c, Galerie Angelika Harthan, Stuttgart in Kooperation mit Christiane B\u00fchling-Schultz, Berlin<\/td>\n<\/tr>\n<tr class=\"row-106\">\n\t<td class=\"column-1\">2012<\/td><td class=\"column-2\">\u201eEunomia\u201c, Galerie Wagner &amp; Partner, Berlin<\/td>\n<\/tr>\n<tr class=\"row-107\">\n\t<td class=\"column-1\"><\/td><td class=\"column-2\">\u201eEdge of Abstraction No. 1 + No. 2\u201c, Kunsthalle Frisch, Berlin<\/td>\n<\/tr>\n<tr class=\"row-108\">\n\t<td class=\"column-1\"><\/td><td class=\"column-2\">Berlin-Klondyke\u201c 2012, The Odd Gallery\/Klondike Institute of Art &amp; Culture, Dawson City, YT, Kanada\/Canada<\/td>\n<\/tr>\n<tr class=\"row-109\">\n\t<td class=\"column-1\"><\/td><td class=\"column-2\">\u201esputnik surprise\u201c, Galerie Rothamel, Frankfurt\/Main, Germany<\/td>\n<\/tr>\n<tr class=\"row-110\">\n\t<td class=\"column-1\">2011<\/td><td class=\"column-2\">\u201eAbstract confusion\u201c, b-05, Montabaur\/Kunstverein Ulm, Ulm, Germany<\/td>\n<\/tr>\n<tr class=\"row-111\">\n\t<td class=\"column-1\"><\/td><td class=\"column-2\">\u201eMoraltarantula\u201c, Zollamt Oberhafen, Hamburg, Germany<\/td>\n<\/tr>\n<tr class=\"row-112\">\n\t<td class=\"column-1\"><\/td><td class=\"column-2\">\u201ewo der Sand f\u00e4llt und sich spaltet\u201c, Galerie B\u00f6rgmann, Krefeld, Germany<\/td>\n<\/tr>\n<tr class=\"row-113\">\n\t<td class=\"column-1\">2010<\/td><td class=\"column-2\">\u201eWahlverwandschaften 2\u201c, Neues Museum, Klassik Stiftung Weimar, Weimar, Germany<\/td>\n<\/tr>\n<tr class=\"row-114\">\n\t<td class=\"column-1\"><\/td><td class=\"column-2\">\u201eBl\u00fctezeit\u201c, Galerie Rothamel, Erfurt, Germany<\/td>\n<\/tr>\n<tr class=\"row-115\">\n\t<td class=\"column-1\"><\/td><td class=\"column-2\">\u201eGenerationen\u201c, Kunsthalle Brennabor, Brandenburg, Germany<\/td>\n<\/tr>\n<tr class=\"row-116\">\n\t<td class=\"column-1\">2009<\/td><td class=\"column-2\">\u201eshifting\u201c, Galerie Robert Drees, Hannover, Germany<\/td>\n<\/tr>\n<tr class=\"row-117\">\n\t<td class=\"column-1\"><\/td><td class=\"column-2\">\u201eStrahl dich aus\u201c, Samuelis Baumgarte Galerie, Bielefeld, Germany<\/td>\n<\/tr>\n<tr class=\"row-118\">\n\t<td class=\"column-1\"><\/td><td class=\"column-2\">\u201eZimmer mit Aussicht\u201c, Galerie Michael Schultz, Berlin<\/td>\n<\/tr>\n<tr class=\"row-119\">\n\t<td class=\"column-1\"><\/td><td class=\"column-2\">\u201e23. Sculpture Biennale\u201c, Ube, Japan<\/td>\n<\/tr>\n<tr class=\"row-120\">\n\t<td class=\"column-1\">2008<\/td><td class=\"column-2\">\u201eZeitblick. Ank\u00e4ufe Zeitgen\u00f6ssischer Kunst der Bundesrepublik Deutschland 1998\u20132008\u201c, Martin-Gropius-Bau, Berlin<\/td>\n<\/tr>\n<tr class=\"row-121\">\n\t<td class=\"column-1\"><\/td><td class=\"column-2\">\u201eNeue Kunst in alten G\u00e4rten\u201c, Obergut Lenthe in Gehrden, Hannover, Germany<\/td>\n<\/tr>\n<tr class=\"row-122\">\n\t<td class=\"column-1\">2007<\/td><td class=\"column-2\">\u201eDie Macht des Dinglichen. Skulptur heute! \u201c, Georg-Kolbe-Museum, Berlin<\/td>\n<\/tr>\n<tr class=\"row-123\">\n\t<td class=\"column-1\"><\/td><td class=\"column-2\">\u201eCountdown. Meistersch\u00fclerpreis der UdK 2007\u201c, schultz contemporary, Berlin<\/td>\n<\/tr>\n<tr class=\"row-124\">\n\t<td class=\"column-1\"><\/td><td class=\"column-2\">\u201eSalzmond\u201c, Kunstraum Klosterkirche, Traunstein, Germany<\/td>\n<\/tr>\n<tr class=\"row-125\">\n\t<td class=\"column-1\">2006<\/td><td class=\"column-2\">\u201eF\u00f6rderpreis Junge Kunst\u201c, Pfalzgalerie, Kaiserslautern; Saarlandmuseum, Saarbr\u00fccken sowie Galerie Junge Kunst, Trier, Germany<\/td>\n<\/tr>\n<tr class=\"row-126\">\n\t<td class=\"column-1\"><\/td><td class=\"column-2\">\u201edurchgeknallt\u201c, Fahrradhalle, Offenbach; Kunstkabinett Regensburg, Regensburg, Germany<\/td>\n<\/tr>\n<tr class=\"row-127\">\n\t<td class=\"column-1\"><\/td><td class=\"column-2\">\u201eCoburger Glaspreis\u201c, Museum f\u00fcr Modernes Glas, Coburg, Germany<\/td>\n<\/tr>\n<tr class=\"row-128\">\n\t<td colspan=\"2\" class=\"column-1\"><strong>Sammlungen \/ Collections<\/strong><\/td>\n<\/tr>\n<tr class=\"row-129\">\n\t<td class=\"column-1\"><\/td><td class=\"column-2\">Kulturhauptstadt Europas Chemnitz 2025 gGmbH<\/td>\n<\/tr>\n<tr class=\"row-130\">\n\t<td class=\"column-1\"><\/td><td class=\"column-2\">Bundesministerium f\u00fcr Bildung und Forschung, Berlin<\/td>\n<\/tr>\n<tr class=\"row-131\">\n\t<td class=\"column-1\"><\/td><td class=\"column-2\">Neues Museum Weimar \u2013 Klassik Stiftung Weimar, Weimar, Germany<\/td>\n<\/tr>\n<tr class=\"row-132\">\n\t<td class=\"column-1\"><\/td><td class=\"column-2\">Sammlung zeitgen\u00f6ssischer Kunst der Bundesrepublik Deutschland, Germany<\/td>\n<\/tr>\n<tr class=\"row-133\">\n\t<td class=\"column-1\"><\/td><td class=\"column-2\">Europ\u00e4isches Patentamt, M\u00fcnchen\/Munich, Germany<\/td>\n<\/tr>\n<tr class=\"row-134\">\n\t<td class=\"column-1\"><\/td><td class=\"column-2\">Botanischer Garten Saraburi, Bangkok\/Thailand<\/td>\n<\/tr>\n<tr class=\"row-135\">\n\t<td class=\"column-1\"><\/td><td class=\"column-2\">Kunstsammlung des Enzkreises, Pforzheim, Germany<\/td>\n<\/tr>\n<tr class=\"row-136\">\n\t<td class=\"column-1\"><\/td><td class=\"column-2\">Sennestadtverein e.V., Bielefeld, Germany<\/td>\n<\/tr>\n<tr class=\"row-137\">\n\t<td class=\"column-1\"><\/td><td class=\"column-2\">Sammlung Frisch, Berlin<\/td>\n<\/tr>\n<tr class=\"row-138\">\n\t<td colspan=\"2\" class=\"column-1\"><strong>Bibliografie\/Bibliography (ausgew\u00e4hlt\/selected)<\/strong><\/td>\n<\/tr>\n<tr class=\"row-139\">\n\t<td class=\"column-1\">2019<\/td><td class=\"column-2\">\u201cDie haben einen Vogel - Die Vogelm\u00e4nner von Istanbul\" 30 Jahre Galeristin, eine Jubil\u00e4umsausstellung von Christiane B\u00fchling-Schultz, hrsg.\/ed. Christiane B\u00fchling-Schultz <\/td>\n<\/tr>\n<tr class=\"row-140\">\n\t<td class=\"column-1\">2018<\/td><td class=\"column-2\">North-East, hrsg.\/ed. Simone Jung, Heiderose Langer, Christian Malycha, Berlin, Reutlingen<\/td>\n<\/tr>\n<tr class=\"row-141\">\n\t<td class=\"column-1\">2014<\/td><td class=\"column-2\">Stahlplastik in Deutschland gestern und heute, hrsg. von\/ed. Kunstverein<br \/>\nWilhelmsh\u00f6he Ettlingen e. V.<\/td>\n<\/tr>\n<tr class=\"row-142\">\n\t<td class=\"column-1\"><\/td><td class=\"column-2\">Axel Anklam, \u00dcber Wasser Winde und Gegenden, hrsg. von\/ed. Kunstverein Kreis G\u00fctersloh<\/td>\n<\/tr>\n<tr class=\"row-143\">\n\t<td class=\"column-1\">2013<\/td><td class=\"column-2\">APAIRON, hrsg. von\/ed. Erik Stephan\/Kunstsammlung Jena<\/td>\n<\/tr>\n<tr class=\"row-144\">\n\t<td class=\"column-1\">2012<\/td><td class=\"column-2\">In 'ei Raisan, Entwurf einer barnimschen \u00c4sthetik, hrsg. von\/ed. Galerie Borchardt, Hamburg<\/td>\n<\/tr>\n<tr class=\"row-145\">\n\t<td class=\"column-1\">2011<\/td><td class=\"column-2\">Neue Abstraktion, Kunstforum International Bd. 206, hrsg. von\/ed. Sven Dr\u00fchl 2011<\/td>\n<\/tr>\n<tr class=\"row-146\">\n\t<td class=\"column-1\">2008<\/td><td class=\"column-2\">Axel Anklam - Die Bereitschaft zu glauben, hrsg. von\/ed. Zern (Berlin), Bielefeld<\/td>\n<\/tr>\n<tr class=\"row-147\">\n\t<td class=\"column-1\">2007<\/td><td class=\"column-2\">Die Macht des Dinglichen Skulptur heute!, hrsg. von\/ed. Marc Wellmann, K\u00f6ln\/Cologne<\/td>\n<\/tr>\n<tr class=\"row-148\">\n\t<td class=\"column-1\"><\/td><td class=\"column-2\"><\/td>\n<\/tr>\n<\/tbody>\n<\/table>\n[\/vc_column_text][\/vc_tab][\/vc_tabs][\/vc_column][\/vc_row]<\/p>\n<\/section>","protected":false},"excerpt":{"rendered":"<p>[vc_row row_type=&#8221;row&#8221; use_row_as_full_screen_section=&#8221;no&#8221; type=&#8221;full_width&#8221; text_align=&#8221;left&#8221; css_animation=&#8221;&#8221;][vc_column][vc_column_text] Axel Anklam [\/vc_column_text][vc_empty_space][vc_tabs style=&#8221;boxed&#8221;][vc_tab title=&#8221;IMAGES&#8221; tab_id=&#8221;26f47b2a-8619-7322b-3ecf&#8221;][vc_empty_space][vc_column_text] [\/vc_column_text][\/vc_tab][vc_tab title=&#8221;INFO\/PRESS&#8221; tab_id=&#8221;2f954245-6432-2322b-3ecf&#8221;][vc_empty_space][vc_column_text]Info Axel Anklam began his career&#8230;<\/p>\n","protected":false},"author":1,"featured_media":0,"parent":3340,"menu_order":0,"comment_status":"closed","ping_status":"closed","template":"","meta":{"_monsterinsights_skip_tracking":false,"_monsterinsights_sitenote_active":false,"_monsterinsights_sitenote_note":"","_monsterinsights_sitenote_category":0,"footnotes":""},"class_list":["post-3358","page","type-page","status-publish","hentry"],"_links":{"self":[{"href":"https:\/\/cundkgalerie.de\/en\/wp-json\/wp\/v2\/pages\/3358","targetHints":{"allow":["GET"]}}],"collection":[{"href":"https:\/\/cundkgalerie.de\/en\/wp-json\/wp\/v2\/pages"}],"about":[{"href":"https:\/\/cundkgalerie.de\/en\/wp-json\/wp\/v2\/types\/page"}],"author":[{"embeddable":true,"href":"https:\/\/cundkgalerie.de\/en\/wp-json\/wp\/v2\/users\/1"}],"replies":[{"embeddable":true,"href":"https:\/\/cundkgalerie.de\/en\/wp-json\/wp\/v2\/comments?post=3358"}],"version-history":[{"count":6,"href":"https:\/\/cundkgalerie.de\/en\/wp-json\/wp\/v2\/pages\/3358\/revisions"}],"predecessor-version":[{"id":9936,"href":"https:\/\/cundkgalerie.de\/en\/wp-json\/wp\/v2\/pages\/3358\/revisions\/9936"}],"up":[{"embeddable":true,"href":"https:\/\/cundkgalerie.de\/en\/wp-json\/wp\/v2\/pages\/3340"}],"wp:attachment":[{"href":"https:\/\/cundkgalerie.de\/en\/wp-json\/wp\/v2\/media?parent=3358"}],"curies":[{"name":"wp","href":"https:\/\/api.w.org\/{rel}","templated":true}]}}